{"id":135,"date":"2013-02-20T09:34:36","date_gmt":"2013-02-20T09:34:36","guid":{"rendered":"https:\/\/www.catalunyaplants.com\/cat\/?page_id=135"},"modified":"2023-06-21T16:53:15","modified_gmt":"2023-06-21T14:53:15","slug":"venda-de-fusta-tractada-pergoles-tarimes-travesses-bordures-gelosies-a-barcelona","status":"publish","type":"page","link":"https:\/\/www.catalunyaplants.com\/cat\/venda-de-fusta-tractada-pergoles-tarimes-travesses-bordures-gelosies-a-barcelona\/","title":{"rendered":"Venda de Fusta tractada (p\u00e8rgoles, tarimes, travesses, bordures, gelosies) a Barcelona"},"content":{"rendered":"<p>[et_pb_section fb_built=&#8221;1&#8243; fullwidth=&#8221;on&#8221; _builder_version=&#8221;4.20.4&#8243; _module_preset=&#8221;default&#8221; global_colors_info=&#8221;{}&#8221;][et_pb_fullwidth_image src=&#8221;https:\/\/www.catalunyaplants.com\/cat\/wp-content\/uploads\/2023\/04\/fusta-tractada-slider.webp&#8221; _builder_version=&#8221;4.21.0&#8243; _module_preset=&#8221;default&#8221; hover_enabled=&#8221;0&#8243; global_colors_info=&#8221;{}&#8221; sticky_enabled=&#8221;0&#8243;][\/et_pb_fullwidth_image][\/et_pb_section][et_pb_section fb_built=&#8221;1&#8243; _builder_version=&#8221;4.20.4&#8243; _module_preset=&#8221;default&#8221; custom_margin=&#8221;0px||0px||false|false&#8221; custom_padding=&#8221;0px||0px||false|false&#8221; global_colors_info=&#8221;{}&#8221;][et_pb_row _builder_version=&#8221;4.20.4&#8243; _module_preset=&#8221;default&#8221; custom_margin=&#8221;25px||25px||false|false&#8221; global_colors_info=&#8221;{}&#8221;][et_pb_column type=&#8221;4_4&#8243; _builder_version=&#8221;4.20.4&#8243; _module_preset=&#8221;default&#8221; global_colors_info=&#8221;{}&#8221;][et_pb_text _builder_version=&#8221;4.20.4&#8243; _module_preset=&#8221;default&#8221; text_font=&#8221;Open Sans||||||||&#8221; text_font_size=&#8221;15px&#8221; text_line_height=&#8221;1.8em&#8221; header_font=&#8221;Montserrat|800||on|||||&#8221; header_text_align=&#8221;center&#8221; header_text_color=&#8221;#749b3e&#8221; text_orientation=&#8221;center&#8221; global_colors_info=&#8221;{}&#8221;]<\/p>\n<h1>Fusta tractada<\/h1>\n<p>A Garden center Catalunya Plants disposem d\u2019\u00e0mplia <strong>secci\u00f3 de fusta tractada<\/strong>.<\/p>\n<p>Podr\u00e0s trobar tamb\u00e9 un bon nombre de productes i accessoris per a la <strong>cura, neteja, sanejament i manteniment de la fusta<\/strong>.<\/p>\n<p>[\/et_pb_text][\/et_pb_column][\/et_pb_row][et_pb_row column_structure=&#8221;3_5,2_5&#8243; use_custom_gutter=&#8221;on&#8221; gutter_width=&#8221;2&#8243; _builder_version=&#8221;4.20.4&#8243; _module_preset=&#8221;default&#8221; background_enable_color=&#8221;off&#8221; width=&#8221;100%&#8221; custom_margin=&#8221;0px||0px||false|false&#8221; custom_padding=&#8221;0px||25px||false|false&#8221; global_colors_info=&#8221;{}&#8221;][et_pb_column type=&#8221;3_5&#8243; _builder_version=&#8221;4.20.4&#8243; _module_preset=&#8221;default&#8221; global_colors_info=&#8221;{}&#8221;][et_pb_image src=&#8221;https:\/\/www.catalunyaplants.com\/cat\/wp-content\/uploads\/2023\/04\/proteccio-fusta-exterior.webp&#8221; title_text=&#8221;Protecci\u00f3 fusta d\u00b4exterior&#8221; _builder_version=&#8221;4.20.4&#8243; _module_preset=&#8221;default&#8221; box_shadow_style=&#8221;preset3&#8243; global_colors_info=&#8221;{}&#8221;][\/et_pb_image][\/et_pb_column][et_pb_column type=&#8221;2_5&#8243; _builder_version=&#8221;4.20.4&#8243; _module_preset=&#8221;default&#8221; global_colors_info=&#8221;{}&#8221;][et_pb_text _builder_version=&#8221;4.20.4&#8243; _module_preset=&#8221;default&#8221; text_font=&#8221;Open Sans||||||||&#8221; text_orientation=&#8221;justified&#8221; width=&#8221;87%&#8221; custom_margin=&#8221;65px||||false|false&#8221; global_colors_info=&#8221;{}&#8221;]<\/p>\n<p>Disposem de:<\/p>\n<p><strong>P\u00e8rgoles.<\/strong><br \/><strong>Tarimes.<\/strong><br \/><strong>Travesses.<\/strong><br \/><strong>Bordures.<\/strong><br \/><strong>Gelosies&#8230;<\/strong><\/p>\n<p>[\/et_pb_text][\/et_pb_column][\/et_pb_row][et_pb_row column_structure=&#8221;2_5,3_5&#8243; use_custom_gutter=&#8221;on&#8221; gutter_width=&#8221;2&#8243; _builder_version=&#8221;4.20.4&#8243; _module_preset=&#8221;default&#8221; width=&#8221;100%&#8221; custom_margin=&#8221;25px||||false|false&#8221; custom_padding=&#8221;||50px||false|false&#8221; global_colors_info=&#8221;{}&#8221;][et_pb_column type=&#8221;2_5&#8243; _builder_version=&#8221;4.20.4&#8243; _module_preset=&#8221;default&#8221; global_colors_info=&#8221;{}&#8221;][et_pb_text _builder_version=&#8221;4.20.4&#8243; _module_preset=&#8221;default&#8221; text_font=&#8221;Open Sans||||||||&#8221; text_orientation=&#8221;right&#8221; width=&#8221;87%&#8221; module_alignment=&#8221;right&#8221; custom_margin=&#8221;50px||||false|false&#8221; global_colors_info=&#8221;{}&#8221;]<\/p>\n<p>Tamb\u00e9 per a la cura i sanejament de la fusta disposem de:<\/p>\n<p><strong>Olis per a la teca.<\/strong><br \/><strong>Els olis amb filtre solar.<\/strong><br \/><strong>Aclaridors de fusta.<\/strong><br \/><strong>Els olis amb fungicides i insecticides d\u2019acci\u00f3.<\/strong><br \/><strong>Decolorants.<\/strong><br \/><strong>Llevataques.<\/strong><br \/><strong>Netejadors.<\/strong><br \/><strong>Protectors de s\u00f2ls (efectes del sol i aigua)&#8230;<\/strong><\/p>\n<p>[\/et_pb_text][\/et_pb_column][et_pb_column type=&#8221;3_5&#8243; _builder_version=&#8221;4.20.4&#8243; _module_preset=&#8221;default&#8221; global_colors_info=&#8221;{}&#8221;][et_pb_image src=&#8221;https:\/\/www.catalunyaplants.com\/cat\/wp-content\/uploads\/2023\/04\/fusta-tractada-comprar-barcelona.webp&#8221; title_text=&#8221;Fusta tractada (secci\u00f3)&#8221; _builder_version=&#8221;4.20.4&#8243; _module_preset=&#8221;default&#8221; box_shadow_style=&#8221;preset3&#8243; global_colors_info=&#8221;{}&#8221;][\/et_pb_image][\/et_pb_column][\/et_pb_row][et_pb_row column_structure=&#8221;3_5,2_5&#8243; use_custom_gutter=&#8221;on&#8221; gutter_width=&#8221;2&#8243; _builder_version=&#8221;4.20.4&#8243; _module_preset=&#8221;default&#8221; background_enable_color=&#8221;off&#8221; width=&#8221;100%&#8221; custom_margin=&#8221;25px||0px||false|false&#8221; custom_padding=&#8221;0px||0px||false|false&#8221; global_colors_info=&#8221;{}&#8221;][et_pb_column type=&#8221;3_5&#8243; _builder_version=&#8221;4.20.4&#8243; _module_preset=&#8221;default&#8221; global_colors_info=&#8221;{}&#8221;][et_pb_image src=&#8221;https:\/\/www.catalunyaplants.com\/cat\/wp-content\/uploads\/2023\/04\/proteccio-moble-exterior-venda.webp&#8221; title_text=&#8221;Protecci\u00f3 moble de jard\u00ed&#8221; _builder_version=&#8221;4.20.4&#8243; _module_preset=&#8221;default&#8221; box_shadow_style=&#8221;preset3&#8243; global_colors_info=&#8221;{}&#8221;][\/et_pb_image][\/et_pb_column][et_pb_column type=&#8221;2_5&#8243; _builder_version=&#8221;4.20.4&#8243; _module_preset=&#8221;default&#8221; global_colors_info=&#8221;{}&#8221;][et_pb_image src=&#8221;https:\/\/www.catalunyaplants.com\/cat\/wp-content\/uploads\/2017\/04\/tour-virtual-banner-cat.jpg&#8221; title_text=&#8221;tour-virtual-banner-cat&#8221; url=&#8221;https:\/\/www.google.es\/maps\/@41.3915618,2.0164104,3a,38.7y,177.2h,83.27t\/data=!3m7!1e1!3m5!1sAF1QipMvS0bmOJZRm_3AxVBYggfT0MvUhfmYaFl2Gm2D!2e10!3e12!7i13312!8i6656&#8243; url_new_window=&#8221;on&#8221; _builder_version=&#8221;4.20.4&#8243; _module_preset=&#8221;default&#8221; width=&#8221;60%&#8221; max_width=&#8221;100%&#8221; module_alignment=&#8221;left&#8221; custom_margin=&#8221;10px||||false|false&#8221; global_colors_info=&#8221;{}&#8221;][\/et_pb_image][\/et_pb_column][\/et_pb_row][et_pb_row _builder_version=&#8221;4.20.4&#8243; _module_preset=&#8221;default&#8221; custom_margin=&#8221;25px||||false|false&#8221; global_colors_info=&#8221;{}&#8221;][et_pb_column type=&#8221;4_4&#8243; _builder_version=&#8221;4.20.4&#8243; _module_preset=&#8221;default&#8221; global_colors_info=&#8221;{}&#8221;][et_pb_text _builder_version=&#8221;4.20.4&#8243; _module_preset=&#8221;default&#8221; text_font=&#8221;Open Sans||||||||&#8221; text_font_size=&#8221;15px&#8221; text_line_height=&#8221;1.8em&#8221; text_orientation=&#8221;center&#8221; global_colors_info=&#8221;{}&#8221;]<\/p>\n<p><strong>Esperem la vostra visita.<\/strong><\/p>\n<p>I recorda que, tamb\u00e9, pots comprar plantes i tot el que necessites per la teva terrassa i jard\u00ed, a la nostra botiga online <strong><a href=\"http:\/\/www.gardenencasa.es\" target=\"_blank\" rel=\"noopener\">www.gardenencasa.es<\/a><\/strong> y te les portem a casa teva.<\/p>\n<p>[\/et_pb_text][\/et_pb_column][\/et_pb_row][et_pb_row _builder_version=&#8221;4.20.4&#8243; _module_preset=&#8221;default&#8221; custom_margin=&#8221;||0px||false|false&#8221; custom_padding=&#8221;||0px||false|false&#8221; global_colors_info=&#8221;{}&#8221;][et_pb_column type=&#8221;4_4&#8243; _builder_version=&#8221;4.20.4&#8243; _module_preset=&#8221;default&#8221; global_colors_info=&#8221;{}&#8221;][et_pb_divider _builder_version=&#8221;4.20.4&#8243; _module_preset=&#8221;default&#8221; global_colors_info=&#8221;{}&#8221;][\/et_pb_divider][\/et_pb_column][\/et_pb_row][\/et_pb_section][et_pb_section fb_built=&#8221;1&#8243; _builder_version=&#8221;4.14.5&#8243; _module_preset=&#8221;default&#8221; custom_margin=&#8221;0px||0px||false|false&#8221; custom_padding=&#8221;0px||||false|false&#8221; global_module=&#8221;8404&#8243; saved_tabs=&#8221;all&#8221; global_colors_info=&#8221;{}&#8221;][et_pb_row column_structure=&#8221;1_4,1_4,1_4,1_4&#8243; _builder_version=&#8221;4.21.0&#8243; _module_preset=&#8221;default&#8221; global_colors_info=&#8221;{}&#8221;][et_pb_column type=&#8221;1_4&#8243; _builder_version=&#8221;4.16&#8243; _module_preset=&#8221;default&#8221; custom_padding=&#8221;||5px||false|false&#8221; border_color_right=&#8221;#d3d3d3&#8243; box_shadow_style=&#8221;preset3&#8243; global_colors_info=&#8221;{}&#8221;][et_pb_blurb title=&#8221;Botiga online&#8221; image=&#8221;https:\/\/www.catalunyaplants.com\/cat\/wp-content\/uploads\/2023\/02\/comandes-gardenencasa.jpg&#8221; _builder_version=&#8221;4.21.0&#8243; _module_preset=&#8221;default&#8221; header_font=&#8221;Pragati Narrow|700||on|||||&#8221; header_text_align=&#8221;center&#8221; header_text_color=&#8221;#d18038&#8243; header_font_size=&#8221;26px&#8221; body_font=&#8221;||||||||&#8221; body_text_align=&#8221;center&#8221; body_font_size=&#8221;16px&#8221; body_line_height=&#8221;1.4em&#8221; text_orientation=&#8221;center&#8221; module_alignment=&#8221;center&#8221; custom_margin=&#8221;||10px||false|false&#8221; custom_padding=&#8221;||0px|0px|false|false&#8221; animation=&#8221;off&#8221; global_colors_info=&#8221;{}&#8221;]<\/p>\n<p>Fes la teva <a href=\"https:\/\/gardenencasa.es\/\" target=\"_blank\" rel=\"noopener\"><strong>comanda online<\/strong><\/a>\u00a0 \u00a0i t\u00b4ho portem a casa.<\/p>\n<p>[\/et_pb_blurb][et_pb_icon font_icon=&#8221;&#xe07a;||divi||400&#8243; icon_width=&#8221;80px&#8221; url=&#8221;https:\/\/gardenencasa.es\/&#8221; url_new_window=&#8221;on&#8221; _builder_version=&#8221;4.16&#8243; _module_preset=&#8221;default&#8221; custom_margin=&#8221;0px||10px||false|false&#8221; custom_padding=&#8221;0px||0px||false|false&#8221; global_colors_info=&#8221;{}&#8221;][\/et_pb_icon][\/et_pb_column][et_pb_column type=&#8221;1_4&#8243; _builder_version=&#8221;4.16&#8243; _module_preset=&#8221;default&#8221; custom_padding=&#8221;0px||10px||false|false&#8221; box_shadow_style=&#8221;preset3&#8243; global_colors_info=&#8221;{}&#8221;][et_pb_blurb title=&#8221;Targeta PetFood&#8221; image=&#8221;https:\/\/www.catalunyaplants.com\/cat\/wp-content\/uploads\/2023\/02\/targeta-petfood-estalvi.webp&#8221; _builder_version=&#8221;4.21.0&#8243; _module_preset=&#8221;default&#8221; header_font=&#8221;Pragati Narrow|700||on|||||&#8221; header_text_align=&#8221;center&#8221; header_text_color=&#8221;#d18038&#8243; header_font_size=&#8221;25px&#8221; body_font=&#8221;||||||||&#8221; body_text_align=&#8221;center&#8221; body_font_size=&#8221;15px&#8221; body_line_height=&#8221;1.4em&#8221; custom_margin=&#8221;||20px||false|false&#8221; custom_padding=&#8221;||0px||false|false&#8221; animation=&#8221;off&#8221; global_colors_info=&#8221;{}&#8221;]<\/p>\n<p>Et <strong>regalem un sac de pinso<\/strong> amb la targeta PetFood Estalvi.<\/p>\n<p>Sol\u00b7licita-la a caixa.\u00a0\u00c9s gratis!<\/p>\n<p>[\/et_pb_blurb][et_pb_button button_url=&#8221;https:\/\/www.catalunyaplants.com\/consigue-gratis-la-tarjeta-petfood-y-te-regalamos-un-saco-de-pienso\/&#8221; button_text=&#8221;M\u00e9s informaci\u00f3&#8221; button_alignment=&#8221;center&#8221; _builder_version=&#8221;4.16&#8243; _module_preset=&#8221;default&#8221; custom_button=&#8221;on&#8221; button_text_size=&#8221;16px&#8221; button_border_radius=&#8221;0px&#8221; button_font=&#8221;|600|||||||&#8221; button_icon=&#8221;&#xe07e;||divi||400&#8243; button_on_hover=&#8221;off&#8221; custom_margin=&#8221;0px||9px||false|false&#8221; custom_padding=&#8221;2px||2px||false|false&#8221; global_colors_info=&#8221;{}&#8221;][\/et_pb_button][\/et_pb_column][et_pb_column type=&#8221;1_4&#8243; _builder_version=&#8221;4.16&#8243; _module_preset=&#8221;default&#8221; custom_padding=&#8221;||10px||false|false&#8221; box_shadow_style=&#8221;preset3&#8243; global_colors_info=&#8221;{}&#8221;][et_pb_image src=&#8221;https:\/\/www.catalunyaplants.com\/cat\/wp-content\/uploads\/2022\/11\/portada-revista-verdeesvida.jpg&#8221; title_text=&#8221;portada-revista-verdeesvida&#8221; _builder_version=&#8221;4.16&#8243; _module_preset=&#8221;default&#8221; custom_margin=&#8221;||15px||false|false&#8221; custom_padding=&#8221;||0px||false|false&#8221; global_colors_info=&#8221;{}&#8221;][\/et_pb_image][et_pb_button button_url=&#8221;http:\/\/verdeesvida.es\/revistas\/revista97\/&#8221; url_new_window=&#8221;on&#8221; button_text=&#8221;Descarregar&#8221; button_alignment=&#8221;center&#8221; _builder_version=&#8221;4.16&#8243; _module_preset=&#8221;default&#8221; custom_button=&#8221;on&#8221; button_text_size=&#8221;16px&#8221; button_border_radius=&#8221;0px&#8221; button_font=&#8221;|600|||||||&#8221; button_icon=&#8221;&#xe07e;||divi||400&#8243; button_on_hover=&#8221;off&#8221; custom_margin=&#8221;0px||7px||false|false&#8221; custom_padding=&#8221;2px||2px||false|false&#8221; global_colors_info=&#8221;{}&#8221;][\/et_pb_button][\/et_pb_column][et_pb_column type=&#8221;1_4&#8243; _builder_version=&#8221;4.16&#8243; _module_preset=&#8221;default&#8221; global_colors_info=&#8221;{}&#8221;][et_pb_image src=&#8221;https:\/\/www.catalunyaplants.com\/cat\/wp-content\/uploads\/2017\/04\/tour-virtual-banner-cat.jpg&#8221; title_text=&#8221;tour-virtual-banner-cat&#8221; url=&#8221;https:\/\/www.google.es\/maps\/@41.3917134,2.016482,3a,75y,239.23h,79.28t\/data=!3m6!1e1!3m4!1sAF1QipP5yioL7xSEnZGRorSYOwqAsbHBtPLj3oh6jssc!2e10!7i13312!8i6656&#8243; url_new_window=&#8221;on&#8221; _builder_version=&#8221;4.20.2&#8243; _module_preset=&#8221;default&#8221; global_colors_info=&#8221;{}&#8221;][\/et_pb_image][\/et_pb_column][\/et_pb_row][\/et_pb_section]<\/p>\n","protected":false},"excerpt":{"rendered":"<p>Fusta tractada A Garden center Catalunya Plants disposem d\u2019\u00e0mplia secci\u00f3 de fusta tractada. Podr\u00e0s trobar tamb\u00e9 un bon nombre de productes i accessoris per a la cura, neteja, sanejament i manteniment de la fusta.Disposem de: P\u00e8rgoles.Tarimes.Travesses.Bordures.Gelosies&#8230;Tamb\u00e9 per a la cura i sanejament de la fusta disposem de: Olis per a la teca.Els olis amb filtre [&hellip;]<\/p>\n","protected":false},"author":4,"featured_media":0,"parent":0,"menu_order":0,"comment_status":"closed","ping_status":"closed","template":"","meta":{"_et_pb_use_builder":"on","_et_pb_old_content":"<h1>Fusta Tractada<\/h1>\r\nA Garden center Catalunya Plants disposem d'\u00e0mplia secci\u00f3 de\u00a0<strong>fusta tractada.<\/strong>\r\n\r\n<img class=\"alignnone size-full wp-image-5906\" src=\"https:\/\/www.catalunyaplants.com\/cat\/wp-content\/uploads\/2019\/04\/madera-tratada-catalunya-plants-2.jpg\" alt=\"\" width=\"800\" height=\"450\">\r\n\r\nPodr\u00e0s trobar tamb\u00e9 un bon nombre de productes i accessoris per a la cura, neteja, sanejament i manteniment de la fusta.\r\n\r\n<img class=\"alignnone size-full wp-image-5907\" src=\"https:\/\/www.catalunyaplants.com\/cat\/wp-content\/uploads\/2019\/04\/madera-tratada-catalunya-plants.jpg\" alt=\"\" width=\"800\" height=\"450\">\r\n\r\nDisposem de:\r\n<ul>\r\n \t<li><strong>P\u00e8rgoles.<\/strong><\/li>\r\n \t<li><strong>Tarimes.<\/strong><\/li>\r\n \t<li><strong>Travesses.<\/strong><\/li>\r\n \t<li><strong>Bordures.<\/strong><\/li>\r\n \t<li><strong>Gelosies.<\/strong><\/li>\r\n<\/ul>\r\n<img class=\"alignnone size-full wp-image-5908\" src=\"https:\/\/www.catalunyaplants.com\/cat\/wp-content\/uploads\/2019\/04\/madera-tratada-catalunya-plants-3.jpg\" alt=\"\" width=\"800\" height=\"450\">\r\n\r\nTamb\u00e9 per a la cura i sanejament de la fusta disposem de:\r\n<ul>\r\n \t<li><strong>Olis per a la teca.<\/strong><\/li>\r\n \t<li><strong>Els olis amb filtre solar.<\/strong><\/li>\r\n \t<li><strong>Aclaridors de fusta.<\/strong><\/li>\r\n \t<li><strong>Els olis amb fungicides i insecticides d'acci\u00f3.<\/strong><\/li>\r\n \t<li><strong>Decolorants.<\/strong><\/li>\r\n \t<li><strong>Llevataques.<\/strong><\/li>\r\n \t<li><strong>Netejadors.<\/strong><\/li>\r\n \t<li><strong>Protectors de s\u00f2ls (efectes del sol i aigua)<\/strong><\/li>\r\n \t<li><strong>Etc...<\/strong><\/li>\r\n<\/ul>\r\n\u00a0\r\n\r\n\u00a0","_et_gb_content_width":"","ngg_post_thumbnail":0,"footnotes":""},"class_list":["post-135","page","type-page","status-publish","hentry"],"_links":{"self":[{"href":"https:\/\/www.catalunyaplants.com\/cat\/wp-json\/wp\/v2\/pages\/135","targetHints":{"allow":["GET"]}}],"collection":[{"href":"https:\/\/www.catalunyaplants.com\/cat\/wp-json\/wp\/v2\/pages"}],"about":[{"href":"https:\/\/www.catalunyaplants.com\/cat\/wp-json\/wp\/v2\/types\/page"}],"author":[{"embeddable":true,"href":"https:\/\/www.catalunyaplants.com\/cat\/wp-json\/wp\/v2\/users\/4"}],"replies":[{"embeddable":true,"href":"https:\/\/www.catalunyaplants.com\/cat\/wp-json\/wp\/v2\/comments?post=135"}],"version-history":[{"count":16,"href":"https:\/\/www.catalunyaplants.com\/cat\/wp-json\/wp\/v2\/pages\/135\/revisions"}],"predecessor-version":[{"id":9586,"href":"https:\/\/www.catalunyaplants.com\/cat\/wp-json\/wp\/v2\/pages\/135\/revisions\/9586"}],"wp:attachment":[{"href":"https:\/\/www.catalunyaplants.com\/cat\/wp-json\/wp\/v2\/media?parent=135"}],"curies":[{"name":"wp","href":"https:\/\/api.w.org\/{rel}","templated":true}]}}